{"id":474,"date":"2024-12-05T18:31:51","date_gmt":"2024-12-05T18:31:51","guid":{"rendered":"https:\/\/www.se.senac.br\/pss\/?page_id=474"},"modified":"2024-12-05T18:31:51","modified_gmt":"2024-12-05T18:31:51","slug":"pss-09-2024","status":"publish","type":"page","link":"https:\/\/www.se.senac.br\/pss\/pss-09-2024\/","title":{"rendered":"PSS 09\/2024"},"content":{"rendered":"<p style=\"text-align: center;\"><strong>A inscri\u00e7\u00e3o ser\u00e1 feita em uma plataforma externa (e-inscri\u00e7\u00e3o).\u00a0 Ao clicar no bot\u00e3o abaixo,\u00a0<\/strong><br \/>\n<strong>n\u00e3o \u00e9 obrigat\u00f3ria a cria\u00e7\u00e3o de uma conta, basta efetuar o cadastro e aguardar o email de confirma\u00e7\u00e3o.<br \/>\nLembre-se, n\u00e3o h\u00e1 taxas ou valores a serem pagos.<br \/>\n<\/strong><\/p>\n<p style=\"text-align: center;\">\n<p style=\"text-align: center;\"><div class='w3eden'>\n    <div class=''>\n\n        <form method=\"get\" class=\"__wpdm_submit_async\" data-container=\"#content_wpdm_package_1\" id=\"sc_form_wpdm_package_1\" style=\"margin-bottom: 15px\">\n    \n            <div class=\"card panel panel-default wpdm-shortcode-toolbar\">\n                <div class=\"card-body panel-body\">\n                    <div class=\"row\">\n                        <div class=\"col-lg-6 col-md-12\">\n                            <input type=\"search\" name=\"skw\" value=\"\" placeholder=\"Search Keyword...\" class=\"form-control\" \/>\n                        <\/div>\n                        <div class=\"col-lg-2 col-md-4\">\n                            <select name=\"orderby\" class=\"wpdm-custom-select custom-select\">\n                                <option value=\"date\" disabled=\"disabled\">Order By:<\/option>\n                                <option value=\"date\" > Data de Publica\u00e7\u00e3o<\/option>\n                                <option value=\"title\" >T\u00edtulo<\/option>\n                                <option value=\"update_date\" > Data de atualiza\u00e7\u00e3o<\/option>\n                                <option value=\"downloads\" >Downloads<\/option>\n                                <option value=\"views\" >Views<\/option>\n                            <\/select>\n                        <\/div>\n                        <div class=\"col-lg-2 col-md-4\">\n                            <select name=\"order\" class=\"wpdm-custom-select custom-select\">\n                                <option value=\"desc\" disabled=\"disabled\">Order:<\/option>\n                                <option value=\"desc\" >Descending<\/option>\n                                <option value=\"asc\" >Ascending<\/option>\n                            <\/select>\n                        <\/div>\n                        <div class=\"col-lg-2 col-md-4\">\n                            <button type=\"submit\" class=\"btn btn-info btn-block\">Apply Filter<\/button>\n                        <\/div>\n                    <\/div>\n                <\/div>\n            <\/div>\n\n            <\/form>\n<div class=\"spacer mb-3 d-block clearfix\"><\/div>\n\n        <div id=\"content_wpdm_package_1\">\n            <div class='row'><div class='col-lg-12 col-md-6 col-12'><!-- WPDM Link Template: Default Template -->\n\n<div class=\"link-template-default card mb-2\">\n    <div class=\"card-body\">\n        <div class=\"media\">\n            <div class=\"mr-3 img-48\"><img decoding=\"async\" class=\"wpdm_icon\" alt=\"\u00edcone\" src=\"https:\/\/www.se.senac.br\/pss\/wp-content\/plugins\/download-manager\/assets\/file-type-icons\/pdf.svg\" \/><\/div>\n            <div class=\"media-body\">\n                <h3 class=\"package-title\"><a href='https:\/\/www.se.senac.br\/pss\/download\/3a-convocacao-pss-009-2024\/'>3\u00aa convocac\u0327a\u0303o - pss 009.2024<\/a><\/h3>\n                <div class=\"text-muted text-small\"><i class=\"fas fa-copy\"><\/i> 1  arquivo(s) <i class=\"fas fa-hdd ml-3\"><\/i> 399.06 KB<\/div>\n            <\/div>\n            <div class=\"ml-3\">\n                <a class='wpdm-download-link download-on-click btn btn-primary ' rel='nofollow' href='#' data-downloadurl=\"https:\/\/www.se.senac.br\/pss\/download\/3a-convocacao-pss-009-2024\/?wpdmdl=795&refresh=69f3ae0e6dca01777577486\">Download<\/a>\n            <\/div>\n        <\/div>\n    <\/div>\n<\/div>\n\n<\/div><div class='col-lg-12 col-md-6 col-12'><!-- WPDM Link Template: Default Template -->\n\n<div class=\"link-template-default card mb-2\">\n    <div class=\"card-body\">\n        <div class=\"media\">\n            <div class=\"mr-3 img-48\"><img decoding=\"async\" class=\"wpdm_icon\" alt=\"\u00edcone\" src=\"https:\/\/www.se.senac.br\/pss\/wp-content\/plugins\/download-manager\/assets\/file-type-icons\/pdf.svg\" \/><\/div>\n            <div class=\"media-body\">\n                <h3 class=\"package-title\"><a href='https:\/\/www.se.senac.br\/pss\/download\/2-convocacao-pss-009-2024\/'>2 Convoca\u00e7\u00e3o PSS 009\/2024<\/a><\/h3>\n                <div class=\"text-muted text-small\"><i class=\"fas fa-copy\"><\/i> 1  arquivo(s) <i class=\"fas fa-hdd ml-3\"><\/i> 345.56 KB<\/div>\n            <\/div>\n            <div class=\"ml-3\">\n                <a class='wpdm-download-link download-on-click btn btn-primary ' rel='nofollow' href='#' data-downloadurl=\"https:\/\/www.se.senac.br\/pss\/download\/2-convocacao-pss-009-2024\/?wpdmdl=572&refresh=69f3ae0e88af21777577486\">Download<\/a>\n            <\/div>\n        <\/div>\n    <\/div>\n<\/div>\n\n<\/div><div class='col-lg-12 col-md-6 col-12'><!-- WPDM Link Template: Default Template -->\n\n<div class=\"link-template-default card mb-2\">\n    <div class=\"card-body\">\n        <div class=\"media\">\n            <div class=\"mr-3 img-48\"><img decoding=\"async\" class=\"wpdm_icon\" alt=\"\u00edcone\" src=\"https:\/\/www.se.senac.br\/pss\/wp-content\/plugins\/download-manager\/assets\/file-type-icons\/pdf.svg\" \/><\/div>\n            <div class=\"media-body\">\n                <h3 class=\"package-title\"><a href='https:\/\/www.se.senac.br\/pss\/download\/1a-convocacao-pss-009-2024\/'>1\u00aa Convoca\u00e7\u00e3o PSS 009\/2024<\/a><\/h3>\n                <div class=\"text-muted text-small\"><i class=\"fas fa-copy\"><\/i> 1  arquivo(s) <i class=\"fas fa-hdd ml-3\"><\/i> 351.68 KB<\/div>\n            <\/div>\n            <div class=\"ml-3\">\n                <a class='wpdm-download-link download-on-click btn btn-primary ' rel='nofollow' href='#' data-downloadurl=\"https:\/\/www.se.senac.br\/pss\/download\/1a-convocacao-pss-009-2024\/?wpdmdl=563&refresh=69f3ae0eadc4e1777577486\">Download<\/a>\n            <\/div>\n        <\/div>\n    <\/div>\n<\/div>\n\n<\/div><div class='col-lg-12 col-md-6 col-12'><!-- WPDM Link Template: Default Template -->\n\n<div class=\"link-template-default card mb-2\">\n    <div class=\"card-body\">\n        <div class=\"media\">\n            <div class=\"mr-3 img-48\"><img decoding=\"async\" class=\"wpdm_icon\" alt=\"\u00edcone\" src=\"https:\/\/www.se.senac.br\/pss\/wp-content\/plugins\/download-manager\/assets\/file-type-icons\/pdf.svg\" \/><\/div>\n            <div class=\"media-body\">\n                <h3 class=\"package-title\"><a href='https:\/\/www.se.senac.br\/pss\/download\/homologacao-pss-009-2024\/'>Homologa\u00e7\u00e3o - PSS 009.2024<\/a><\/h3>\n                <div class=\"text-muted text-small\"><i class=\"fas fa-copy\"><\/i> 1  arquivo(s) <i class=\"fas fa-hdd ml-3\"><\/i> 155.78 KB<\/div>\n            <\/div>\n            <div class=\"ml-3\">\n                <a class='wpdm-download-link download-on-click btn btn-primary ' rel='nofollow' href='#' data-downloadurl=\"https:\/\/www.se.senac.br\/pss\/download\/homologacao-pss-009-2024\/?wpdmdl=533&refresh=69f3ae0ec86d21777577486\">Download<\/a>\n            <\/div>\n        <\/div>\n    <\/div>\n<\/div>\n\n<\/div><div class='col-lg-12 col-md-6 col-12'><!-- WPDM Link Template: Default Template -->\n\n<div class=\"link-template-default card mb-2\">\n    <div class=\"card-body\">\n        <div class=\"media\">\n            <div class=\"mr-3 img-48\"><img decoding=\"async\" class=\"wpdm_icon\" alt=\"\u00edcone\" src=\"https:\/\/www.se.senac.br\/pss\/wp-content\/plugins\/download-manager\/assets\/file-type-icons\/pdf.svg\" \/><\/div>\n            <div class=\"media-body\">\n                <h3 class=\"package-title\"><a href='https:\/\/www.se.senac.br\/pss\/download\/resultado-final-pss-009-2024\/'>Resultado Final - PSS 009.2024<\/a><\/h3>\n                <div class=\"text-muted text-small\"><i class=\"fas fa-copy\"><\/i> 1  arquivo(s) <i class=\"fas fa-hdd ml-3\"><\/i> 121.61 KB<\/div>\n            <\/div>\n            <div class=\"ml-3\">\n                <a class='wpdm-download-link download-on-click btn btn-primary ' rel='nofollow' href='#' data-downloadurl=\"https:\/\/www.se.senac.br\/pss\/download\/resultado-final-pss-009-2024\/?wpdmdl=531&refresh=69f3ae0ee73e01777577486\">Download<\/a>\n            <\/div>\n        <\/div>\n    <\/div>\n<\/div>\n\n<\/div><div class='col-lg-12 col-md-6 col-12'><!-- WPDM Link Template: Default Template -->\n\n<div class=\"link-template-default card mb-2\">\n    <div class=\"card-body\">\n        <div class=\"media\">\n            <div class=\"mr-3 img-48\"><img decoding=\"async\" class=\"wpdm_icon\" alt=\"\u00edcone\" src=\"https:\/\/www.se.senac.br\/pss\/wp-content\/plugins\/download-manager\/assets\/file-type-icons\/pdf.svg\" \/><\/div>\n            <div class=\"media-body\">\n                <h3 class=\"package-title\"><a href='https:\/\/www.se.senac.br\/pss\/download\/resultado-final-da-3a-etapa-avaliacao-de-habilidades-comportamentais-pss-009-2024\/'>Resultado Final da 3\u00aa Etapa \u2013 Avalia\u00e7\u00e3o de Habilidades Comportamentais - PSS 009.2024<\/a><\/h3>\n                <div class=\"text-muted text-small\"><i class=\"fas fa-copy\"><\/i> 1  arquivo(s) <i class=\"fas fa-hdd ml-3\"><\/i> 122.02 KB<\/div>\n            <\/div>\n            <div class=\"ml-3\">\n                <a class='wpdm-download-link download-on-click btn btn-primary ' rel='nofollow' href='#' data-downloadurl=\"https:\/\/www.se.senac.br\/pss\/download\/resultado-final-da-3a-etapa-avaliacao-de-habilidades-comportamentais-pss-009-2024\/?wpdmdl=530&refresh=69f3ae0f0fd7a1777577487\">Download<\/a>\n            <\/div>\n        <\/div>\n    <\/div>\n<\/div>\n\n<\/div><div class='col-lg-12 col-md-6 col-12'><!-- WPDM Link Template: Default Template -->\n\n<div class=\"link-template-default card mb-2\">\n    <div class=\"card-body\">\n        <div class=\"media\">\n            <div class=\"mr-3 img-48\"><img decoding=\"async\" class=\"wpdm_icon\" alt=\"\u00edcone\" src=\"https:\/\/www.se.senac.br\/pss\/wp-content\/plugins\/download-manager\/assets\/file-type-icons\/pdf.svg\" \/><\/div>\n            <div class=\"media-body\">\n                <h3 class=\"package-title\"><a href='https:\/\/www.se.senac.br\/pss\/download\/resultado-preliminar-da-3a-etapa-avaliacao-de-habilidades-comportamentais-pss-009-2024\/'>Resultado Preliminar da 3\u00aa Etapa \u2013 Avalia\u00e7\u00e3o de Habilidades Comportamentais - PSS 009.2024<\/a><\/h3>\n                <div class=\"text-muted text-small\"><i class=\"fas fa-copy\"><\/i> 1  arquivo(s) <i class=\"fas fa-hdd ml-3\"><\/i> 122.14 KB<\/div>\n            <\/div>\n            <div class=\"ml-3\">\n                <a class='wpdm-download-link download-on-click btn btn-primary ' rel='nofollow' href='#' data-downloadurl=\"https:\/\/www.se.senac.br\/pss\/download\/resultado-preliminar-da-3a-etapa-avaliacao-de-habilidades-comportamentais-pss-009-2024\/?wpdmdl=528&refresh=69f3ae0f2a5761777577487\">Download<\/a>\n            <\/div>\n        <\/div>\n    <\/div>\n<\/div>\n\n<\/div><div class='col-lg-12 col-md-6 col-12'><!-- WPDM Link Template: Default Template -->\n\n<div class=\"link-template-default card mb-2\">\n    <div class=\"card-body\">\n        <div class=\"media\">\n            <div class=\"mr-3 img-48\"><img decoding=\"async\" class=\"wpdm_icon\" alt=\"\u00edcone\" src=\"https:\/\/www.se.senac.br\/pss\/wp-content\/plugins\/download-manager\/assets\/file-type-icons\/pdf.svg\" \/><\/div>\n            <div class=\"media-body\">\n                <h3 class=\"package-title\"><a href='https:\/\/www.se.senac.br\/pss\/download\/convocacao-para-a-3a-etapa-avaliacao-de-habilidades-comportamentais-pss-009-2024\/'>Convoca\u00e7\u00e3o para a 3\u00aa etapa \u2013 Avalia\u00e7\u00e3o de Habilidades Comportamentais - PSS 009.2024<\/a><\/h3>\n                <div class=\"text-muted text-small\"><i class=\"fas fa-copy\"><\/i> 1  arquivo(s) <i class=\"fas fa-hdd ml-3\"><\/i> 183.39 KB<\/div>\n            <\/div>\n            <div class=\"ml-3\">\n                <a class='wpdm-download-link download-on-click btn btn-primary ' rel='nofollow' href='#' data-downloadurl=\"https:\/\/www.se.senac.br\/pss\/download\/convocacao-para-a-3a-etapa-avaliacao-de-habilidades-comportamentais-pss-009-2024\/?wpdmdl=514&refresh=69f3ae0f454cb1777577487\">Download<\/a>\n            <\/div>\n        <\/div>\n    <\/div>\n<\/div>\n\n<\/div><div class='col-lg-12 col-md-6 col-12'><!-- WPDM Link Template: Default Template -->\n\n<div class=\"link-template-default card mb-2\">\n    <div class=\"card-body\">\n        <div class=\"media\">\n            <div class=\"mr-3 img-48\"><img decoding=\"async\" class=\"wpdm_icon\" alt=\"\u00edcone\" src=\"https:\/\/www.se.senac.br\/pss\/wp-content\/plugins\/download-manager\/assets\/file-type-icons\/pdf.svg\" \/><\/div>\n            <div class=\"media-body\">\n                <h3 class=\"package-title\"><a href='https:\/\/www.se.senac.br\/pss\/download\/resultado-final-da-2a-etapa-prova-pratica-pss-009-2024\/'>Resultado Final da 2\u00aa Etapa \u2013 Prova Pr\u00e1tica - PSS 009.2024<\/a><\/h3>\n                <div class=\"text-muted text-small\"><i class=\"fas fa-copy\"><\/i> 1  arquivo(s) <i class=\"fas fa-hdd ml-3\"><\/i> 121.67 KB<\/div>\n            <\/div>\n            <div class=\"ml-3\">\n                <a class='wpdm-download-link download-on-click btn btn-primary ' rel='nofollow' href='#' data-downloadurl=\"https:\/\/www.se.senac.br\/pss\/download\/resultado-final-da-2a-etapa-prova-pratica-pss-009-2024\/?wpdmdl=513&refresh=69f3ae0f61bb71777577487\">Download<\/a>\n            <\/div>\n        <\/div>\n    <\/div>\n<\/div>\n\n<\/div><div class='col-lg-12 col-md-6 col-12'><!-- WPDM Link Template: Default Template -->\n\n<div class=\"link-template-default card mb-2\">\n    <div class=\"card-body\">\n        <div class=\"media\">\n            <div class=\"mr-3 img-48\"><img decoding=\"async\" class=\"wpdm_icon\" alt=\"\u00edcone\" src=\"https:\/\/www.se.senac.br\/pss\/wp-content\/plugins\/download-manager\/assets\/file-type-icons\/pdf.svg\" \/><\/div>\n            <div class=\"media-body\">\n                <h3 class=\"package-title\"><a href='https:\/\/www.se.senac.br\/pss\/download\/resultado-preliminar-da-2a-etapa-prova-pratica-pss-009-2024\/'>Resultado Preliminar da 2\u00aa Etapa \u2013 Prova Pr\u00e1tica - PSS 009\/2024<\/a><\/h3>\n                <div class=\"text-muted text-small\"><i class=\"fas fa-copy\"><\/i> 1  arquivo(s) <i class=\"fas fa-hdd ml-3\"><\/i> 121.66 KB<\/div>\n            <\/div>\n            <div class=\"ml-3\">\n                <a class='wpdm-download-link download-on-click btn btn-primary ' rel='nofollow' href='#' data-downloadurl=\"https:\/\/www.se.senac.br\/pss\/download\/resultado-preliminar-da-2a-etapa-prova-pratica-pss-009-2024\/?wpdmdl=506&refresh=69f3ae0f8bc181777577487\">Download<\/a>\n            <\/div>\n        <\/div>\n    <\/div>\n<\/div>\n\n<\/div><div class='col-lg-12 col-md-6 col-12'><!-- WPDM Link Template: Default Template -->\n\n<div class=\"link-template-default card mb-2\">\n    <div class=\"card-body\">\n        <div class=\"media\">\n            <div class=\"mr-3 img-48\"><img decoding=\"async\" class=\"wpdm_icon\" alt=\"\u00edcone\" src=\"https:\/\/www.se.senac.br\/pss\/wp-content\/plugins\/download-manager\/assets\/file-type-icons\/pdf.svg\" \/><\/div>\n            <div class=\"media-body\">\n                <h3 class=\"package-title\"><a href='https:\/\/www.se.senac.br\/pss\/download\/convocacao-para-a-2a-etapa-avaliacao-de-conhecimentos-prova-pratica\/'>Convoca\u00e7\u00e3o para a 2\u00aa etapa \u2013 Avalia\u00e7\u00e3o de Conhecimentos (Prova Pr\u00e1tica)<\/a><\/h3>\n                <div class=\"text-muted text-small\"><i class=\"fas fa-copy\"><\/i> 1  arquivo(s) <i class=\"fas fa-hdd ml-3\"><\/i> 208.93 KB<\/div>\n            <\/div>\n            <div class=\"ml-3\">\n                <a class='wpdm-download-link download-on-click btn btn-primary ' rel='nofollow' href='#' data-downloadurl=\"https:\/\/www.se.senac.br\/pss\/download\/convocacao-para-a-2a-etapa-avaliacao-de-conhecimentos-prova-pratica\/?wpdmdl=505&refresh=69f3ae0fba6631777577487\">Download<\/a>\n            <\/div>\n        <\/div>\n    <\/div>\n<\/div>\n\n<\/div><div class='col-lg-12 col-md-6 col-12'><!-- WPDM Link Template: Default Template -->\n\n<div class=\"link-template-default card mb-2\">\n    <div class=\"card-body\">\n        <div class=\"media\">\n            <div class=\"mr-3 img-48\"><img decoding=\"async\" class=\"wpdm_icon\" alt=\"\u00edcone\" src=\"https:\/\/www.se.senac.br\/pss\/wp-content\/plugins\/download-manager\/assets\/file-type-icons\/pdf.svg\" \/><\/div>\n            <div class=\"media-body\">\n                <h3 class=\"package-title\"><a href='https:\/\/www.se.senac.br\/pss\/download\/resultado-final-da-1a-etapa-analise-curricular-e-documental-candidatos\/'>Resultado Final da 1\u00aa Etapa \u2013 An\u00e1lise Curricular e Documental Candidatos 009\/2024<\/a><\/h3>\n                <div class=\"text-muted text-small\"><i class=\"fas fa-copy\"><\/i> 1  arquivo(s) <i class=\"fas fa-hdd ml-3\"><\/i> 135.54 KB<\/div>\n            <\/div>\n            <div class=\"ml-3\">\n                <a class='wpdm-download-link download-on-click btn btn-primary ' rel='nofollow' href='#' data-downloadurl=\"https:\/\/www.se.senac.br\/pss\/download\/resultado-final-da-1a-etapa-analise-curricular-e-documental-candidatos\/?wpdmdl=491&refresh=69f3ae0fd83c31777577487\">Download<\/a>\n            <\/div>\n        <\/div>\n    <\/div>\n<\/div>\n\n<\/div><div class='col-lg-12 col-md-6 col-12'><!-- WPDM Link Template: Default Template -->\n\n<div class=\"link-template-default card mb-2\">\n    <div class=\"card-body\">\n        <div class=\"media\">\n            <div class=\"mr-3 img-48\"><img decoding=\"async\" class=\"wpdm_icon\" alt=\"\u00edcone\" src=\"https:\/\/www.se.senac.br\/pss\/wp-content\/plugins\/download-manager\/assets\/file-type-icons\/pdf.svg\" \/><\/div>\n            <div class=\"media-body\">\n                <h3 class=\"package-title\"><a href='https:\/\/www.se.senac.br\/pss\/download\/resultado-preliminar-da-1a-etapa-analise-documental-pss-009-2024\/'>Resultado Preliminar da 1\u00aa etapa - An\u00e1lise Documental - PSS 009.2024<\/a><\/h3>\n                <div class=\"text-muted text-small\"><i class=\"fas fa-copy\"><\/i> 1  arquivo(s) <i class=\"fas fa-hdd ml-3\"><\/i> 135.31 KB<\/div>\n            <\/div>\n            <div class=\"ml-3\">\n                <a class='wpdm-download-link download-on-click btn btn-primary ' rel='nofollow' href='#' data-downloadurl=\"https:\/\/www.se.senac.br\/pss\/download\/resultado-preliminar-da-1a-etapa-analise-documental-pss-009-2024\/?wpdmdl=490&refresh=69f3ae10025ec1777577488\">Download<\/a>\n            <\/div>\n        <\/div>\n    <\/div>\n<\/div>\n\n<\/div><div class='col-lg-12 col-md-6 col-12'><!-- WPDM Link Template: Default Template -->\n\n<div class=\"link-template-default card mb-2\">\n    <div class=\"card-body\">\n        <div class=\"media\">\n            <div class=\"mr-3 img-48\"><img decoding=\"async\" class=\"wpdm_icon\" alt=\"\u00edcone\" src=\"https:\/\/www.se.senac.br\/pss\/wp-content\/plugins\/download-manager\/assets\/file-type-icons\/pdf.svg\" \/><\/div>\n            <div class=\"media-body\">\n                <h3 class=\"package-title\"><a href='https:\/\/www.se.senac.br\/pss\/download\/lista-de-inscritos-009-2024\/'>Lista de Inscritos \u2013 009.2024<\/a><\/h3>\n                <div class=\"text-muted text-small\"><i class=\"fas fa-copy\"><\/i> 1  arquivo(s) <i class=\"fas fa-hdd ml-3\"><\/i> 158.32 KB<\/div>\n            <\/div>\n            <div class=\"ml-3\">\n                <a class='wpdm-download-link download-on-click btn btn-primary ' rel='nofollow' href='#' data-downloadurl=\"https:\/\/www.se.senac.br\/pss\/download\/lista-de-inscritos-009-2024\/?wpdmdl=489&refresh=69f3ae101d5de1777577488\">Download<\/a>\n            <\/div>\n        <\/div>\n    <\/div>\n<\/div>\n\n<\/div><div class='col-lg-12 col-md-6 col-12'><!-- WPDM Link Template: Default Template -->\n\n<div class=\"link-template-default card mb-2\">\n    <div class=\"card-body\">\n        <div class=\"media\">\n            <div class=\"mr-3 img-48\"><img decoding=\"async\" class=\"wpdm_icon\" alt=\"\u00edcone\" src=\"https:\/\/www.se.senac.br\/pss\/wp-content\/plugins\/download-manager\/assets\/file-type-icons\/pdf.svg\" \/><\/div>\n            <div class=\"media-body\">\n                <h3 class=\"package-title\"><a href='https:\/\/www.se.senac.br\/pss\/download\/retificativo-comunicado-de-abertura-do-processo-seletivo-pss-009-2024\/'>Retificativo \u2013 Comunicado de Abertura do Processo Seletivo \u2013 PSS 009.2024<\/a><\/h3>\n                <div class=\"text-muted text-small\"><i class=\"fas fa-copy\"><\/i> 1  arquivo(s) <i class=\"fas fa-hdd ml-3\"><\/i> 163.26 KB<\/div>\n            <\/div>\n            <div class=\"ml-3\">\n                <a class='wpdm-download-link download-on-click btn btn-primary ' rel='nofollow' href='#' data-downloadurl=\"https:\/\/www.se.senac.br\/pss\/download\/retificativo-comunicado-de-abertura-do-processo-seletivo-pss-009-2024\/?wpdmdl=483&refresh=69f3ae10411831777577488\">Download<\/a>\n            <\/div>\n        <\/div>\n    <\/div>\n<\/div>\n\n<\/div><div class='col-lg-12 col-md-6 col-12'><!-- WPDM Link Template: Default Template -->\n\n<div class=\"link-template-default card mb-2\">\n    <div class=\"card-body\">\n        <div class=\"media\">\n            <div class=\"mr-3 img-48\"><img decoding=\"async\" class=\"wpdm_icon\" alt=\"\u00edcone\" src=\"https:\/\/www.se.senac.br\/pss\/wp-content\/plugins\/download-manager\/assets\/file-type-icons\/pdf.svg\" \/><\/div>\n            <div class=\"media-body\">\n                <h3 class=\"package-title\"><a href='https:\/\/www.se.senac.br\/pss\/download\/comunicado-de-abertura-do-processo-seletivo-009-2024-aracaju-se\/'>Comunicado de abertura do Processo Seletivo \u2013 009\/2024 \u2013 Aracaju\/SE<\/a><\/h3>\n                <div class=\"text-muted text-small\"><i class=\"fas fa-copy\"><\/i> 1  arquivo(s) <i class=\"fas fa-hdd ml-3\"><\/i> 258.55 KB<\/div>\n            <\/div>\n            <div class=\"ml-3\">\n                <a class='wpdm-download-link download-on-click btn btn-primary ' rel='nofollow' href='#' data-downloadurl=\"https:\/\/www.se.senac.br\/pss\/download\/comunicado-de-abertura-do-processo-seletivo-009-2024-aracaju-se\/?wpdmdl=482&refresh=69f3ae106499a1777577488\">Download<\/a>\n            <\/div>\n        <\/div>\n    <\/div>\n<\/div>\n\n<\/div><\/div>            <div style='clear:both'><\/div><div class='text-center'><ul class='pagination wpdm-pagination pagination-centered text-center async'><\/ul><\/div><div style='clear:both'><\/div>        <\/div>\n\n        <div style='clear:both'><\/div>\n    <\/div>\n<\/div>\n<\/p>\n","protected":false},"excerpt":{"rendered":"<p>A inscri\u00e7\u00e3o ser\u00e1 feita em uma plataforma externa (e-inscri\u00e7\u00e3o).\u00a0 Ao clicar no bot\u00e3o abaixo,\u00a0 n\u00e3o \u00e9 obrigat\u00f3ria a cria\u00e7\u00e3o de uma conta, basta efetuar o cadastro e aguardar o email de confirma\u00e7\u00e3o. Lembre-se, n\u00e3o h\u00e1 taxas ou valores a serem pagos.<\/p>\n","protected":false},"author":4,"featured_media":0,"parent":0,"menu_order":0,"comment_status":"closed","ping_status":"closed","template":"","meta":{"footnotes":""},"class_list":["post-474","page","type-page","status-publish","hentry"],"yoast_head":"<!-- This site is optimized with the Yoast SEO plugin v27.5 - https:\/\/yoast.com\/product\/yoast-seo-wordpress\/ -->\n<title>PSS 09\/2024 - Processo Seletivo Senac-SE<\/title>\n<meta name=\"robots\" content=\"index, follow, max-snippet:-1, max-image-preview:large, max-video-preview:-1\" \/>\n<link rel=\"canonical\" href=\"https:\/\/www.se.senac.br\/pss\/pss-09-2024\/\" \/>\n<meta property=\"og:locale\" content=\"pt_BR\" \/>\n<meta property=\"og:type\" content=\"article\" \/>\n<meta property=\"og:title\" content=\"PSS 09\/2024 - Processo Seletivo Senac-SE\" \/>\n<meta property=\"og:description\" content=\"A inscri\u00e7\u00e3o ser\u00e1 feita em uma plataforma externa (e-inscri\u00e7\u00e3o).\u00a0 Ao clicar no bot\u00e3o abaixo,\u00a0 n\u00e3o \u00e9 obrigat\u00f3ria a cria\u00e7\u00e3o de uma conta, basta efetuar o cadastro e aguardar o email de confirma\u00e7\u00e3o. Lembre-se, n\u00e3o h\u00e1 taxas ou valores a serem pagos.\" \/>\n<meta property=\"og:url\" content=\"https:\/\/www.se.senac.br\/pss\/pss-09-2024\/\" \/>\n<meta property=\"og:site_name\" content=\"Processo Seletivo Senac-SE\" \/>\n<meta name=\"twitter:card\" content=\"summary_large_image\" \/>\n<meta name=\"twitter:label1\" content=\"Est. tempo de leitura\" \/>\n\t<meta name=\"twitter:data1\" content=\"1 minuto\" \/>\n<script type=\"application\/ld+json\" class=\"yoast-schema-graph\">{\"@context\":\"https:\\\/\\\/schema.org\",\"@graph\":[{\"@type\":\"WebPage\",\"@id\":\"https:\\\/\\\/www.se.senac.br\\\/pss\\\/pss-09-2024\\\/\",\"url\":\"https:\\\/\\\/www.se.senac.br\\\/pss\\\/pss-09-2024\\\/\",\"name\":\"PSS 09\\\/2024 - Processo Seletivo Senac-SE\",\"isPartOf\":{\"@id\":\"https:\\\/\\\/www.se.senac.br\\\/pss\\\/#website\"},\"datePublished\":\"2024-12-05T18:31:51+00:00\",\"breadcrumb\":{\"@id\":\"https:\\\/\\\/www.se.senac.br\\\/pss\\\/pss-09-2024\\\/#breadcrumb\"},\"inLanguage\":\"pt-BR\",\"potentialAction\":[{\"@type\":\"ReadAction\",\"target\":[\"https:\\\/\\\/www.se.senac.br\\\/pss\\\/pss-09-2024\\\/\"]}]},{\"@type\":\"BreadcrumbList\",\"@id\":\"https:\\\/\\\/www.se.senac.br\\\/pss\\\/pss-09-2024\\\/#breadcrumb\",\"itemListElement\":[{\"@type\":\"ListItem\",\"position\":1,\"name\":\"In\u00edcio\",\"item\":\"https:\\\/\\\/www.se.senac.br\\\/pss\\\/\"},{\"@type\":\"ListItem\",\"position\":2,\"name\":\"PSS 09\\\/2024\"}]},{\"@type\":\"WebSite\",\"@id\":\"https:\\\/\\\/www.se.senac.br\\\/pss\\\/#website\",\"url\":\"https:\\\/\\\/www.se.senac.br\\\/pss\\\/\",\"name\":\"Processo Seletivo Senac-SE\",\"description\":\"\",\"publisher\":{\"@id\":\"https:\\\/\\\/www.se.senac.br\\\/pss\\\/#organization\"},\"potentialAction\":[{\"@type\":\"SearchAction\",\"target\":{\"@type\":\"EntryPoint\",\"urlTemplate\":\"https:\\\/\\\/www.se.senac.br\\\/pss\\\/?s={search_term_string}\"},\"query-input\":{\"@type\":\"PropertyValueSpecification\",\"valueRequired\":true,\"valueName\":\"search_term_string\"}}],\"inLanguage\":\"pt-BR\"},{\"@type\":\"Organization\",\"@id\":\"https:\\\/\\\/www.se.senac.br\\\/pss\\\/#organization\",\"name\":\"Processo Seletivo Senac-SE\",\"url\":\"https:\\\/\\\/www.se.senac.br\\\/pss\\\/\",\"logo\":{\"@type\":\"ImageObject\",\"inLanguage\":\"pt-BR\",\"@id\":\"https:\\\/\\\/www.se.senac.br\\\/pss\\\/#\\\/schema\\\/logo\\\/image\\\/\",\"url\":\"https:\\\/\\\/www.se.senac.br\\\/pss\\\/wp-content\\\/uploads\\\/2023\\\/02\\\/marca-Senac-fecomercio-Sesc-horizontal-e1667480854221.png\",\"contentUrl\":\"https:\\\/\\\/www.se.senac.br\\\/pss\\\/wp-content\\\/uploads\\\/2023\\\/02\\\/marca-Senac-fecomercio-Sesc-horizontal-e1667480854221.png\",\"width\":300,\"height\":97,\"caption\":\"Processo Seletivo Senac-SE\"},\"image\":{\"@id\":\"https:\\\/\\\/www.se.senac.br\\\/pss\\\/#\\\/schema\\\/logo\\\/image\\\/\"}}]}<\/script>\n<!-- \/ Yoast SEO plugin. -->","yoast_head_json":{"title":"PSS 09\/2024 - Processo Seletivo Senac-SE","robots":{"index":"index","follow":"follow","max-snippet":"max-snippet:-1","max-image-preview":"max-image-preview:large","max-video-preview":"max-video-preview:-1"},"canonical":"https:\/\/www.se.senac.br\/pss\/pss-09-2024\/","og_locale":"pt_BR","og_type":"article","og_title":"PSS 09\/2024 - Processo Seletivo Senac-SE","og_description":"A inscri\u00e7\u00e3o ser\u00e1 feita em uma plataforma externa (e-inscri\u00e7\u00e3o).\u00a0 Ao clicar no bot\u00e3o abaixo,\u00a0 n\u00e3o \u00e9 obrigat\u00f3ria a cria\u00e7\u00e3o de uma conta, basta efetuar o cadastro e aguardar o email de confirma\u00e7\u00e3o. Lembre-se, n\u00e3o h\u00e1 taxas ou valores a serem pagos.","og_url":"https:\/\/www.se.senac.br\/pss\/pss-09-2024\/","og_site_name":"Processo Seletivo Senac-SE","twitter_card":"summary_large_image","twitter_misc":{"Est. tempo de leitura":"1 minuto"},"schema":{"@context":"https:\/\/schema.org","@graph":[{"@type":"WebPage","@id":"https:\/\/www.se.senac.br\/pss\/pss-09-2024\/","url":"https:\/\/www.se.senac.br\/pss\/pss-09-2024\/","name":"PSS 09\/2024 - Processo Seletivo Senac-SE","isPartOf":{"@id":"https:\/\/www.se.senac.br\/pss\/#website"},"datePublished":"2024-12-05T18:31:51+00:00","breadcrumb":{"@id":"https:\/\/www.se.senac.br\/pss\/pss-09-2024\/#breadcrumb"},"inLanguage":"pt-BR","potentialAction":[{"@type":"ReadAction","target":["https:\/\/www.se.senac.br\/pss\/pss-09-2024\/"]}]},{"@type":"BreadcrumbList","@id":"https:\/\/www.se.senac.br\/pss\/pss-09-2024\/#breadcrumb","itemListElement":[{"@type":"ListItem","position":1,"name":"In\u00edcio","item":"https:\/\/www.se.senac.br\/pss\/"},{"@type":"ListItem","position":2,"name":"PSS 09\/2024"}]},{"@type":"WebSite","@id":"https:\/\/www.se.senac.br\/pss\/#website","url":"https:\/\/www.se.senac.br\/pss\/","name":"Processo Seletivo Senac-SE","description":"","publisher":{"@id":"https:\/\/www.se.senac.br\/pss\/#organization"},"potentialAction":[{"@type":"SearchAction","target":{"@type":"EntryPoint","urlTemplate":"https:\/\/www.se.senac.br\/pss\/?s={search_term_string}"},"query-input":{"@type":"PropertyValueSpecification","valueRequired":true,"valueName":"search_term_string"}}],"inLanguage":"pt-BR"},{"@type":"Organization","@id":"https:\/\/www.se.senac.br\/pss\/#organization","name":"Processo Seletivo Senac-SE","url":"https:\/\/www.se.senac.br\/pss\/","logo":{"@type":"ImageObject","inLanguage":"pt-BR","@id":"https:\/\/www.se.senac.br\/pss\/#\/schema\/logo\/image\/","url":"https:\/\/www.se.senac.br\/pss\/wp-content\/uploads\/2023\/02\/marca-Senac-fecomercio-Sesc-horizontal-e1667480854221.png","contentUrl":"https:\/\/www.se.senac.br\/pss\/wp-content\/uploads\/2023\/02\/marca-Senac-fecomercio-Sesc-horizontal-e1667480854221.png","width":300,"height":97,"caption":"Processo Seletivo Senac-SE"},"image":{"@id":"https:\/\/www.se.senac.br\/pss\/#\/schema\/logo\/image\/"}}]}},"_links":{"self":[{"href":"https:\/\/www.se.senac.br\/pss\/wp-json\/wp\/v2\/pages\/474","targetHints":{"allow":["GET"]}}],"collection":[{"href":"https:\/\/www.se.senac.br\/pss\/wp-json\/wp\/v2\/pages"}],"about":[{"href":"https:\/\/www.se.senac.br\/pss\/wp-json\/wp\/v2\/types\/page"}],"author":[{"embeddable":true,"href":"https:\/\/www.se.senac.br\/pss\/wp-json\/wp\/v2\/users\/4"}],"replies":[{"embeddable":true,"href":"https:\/\/www.se.senac.br\/pss\/wp-json\/wp\/v2\/comments?post=474"}],"version-history":[{"count":1,"href":"https:\/\/www.se.senac.br\/pss\/wp-json\/wp\/v2\/pages\/474\/revisions"}],"predecessor-version":[{"id":475,"href":"https:\/\/www.se.senac.br\/pss\/wp-json\/wp\/v2\/pages\/474\/revisions\/475"}],"wp:attachment":[{"href":"https:\/\/www.se.senac.br\/pss\/wp-json\/wp\/v2\/media?parent=474"}],"curies":[{"name":"wp","href":"https:\/\/api.w.org\/{rel}","templated":true}]}}